{"id":1409,"date":"2025-07-01T13:00:15","date_gmt":"2025-07-01T17:00:15","guid":{"rendered":"https:\/\/psychsafety.workplaceoptions.com\/event\/preparados-para-la-tormenta-como-se-levantan-los-lideres-adaptables-cuando-el-mundo-se-desmorona\/"},"modified":"2025-07-01T13:00:15","modified_gmt":"2025-07-01T17:00:15","slug":"preparados-para-la-tormenta-como-se-levantan-los-lideres-adaptables-cuando-el-mundo-se-desmorona","status":"publish","type":"tribe_events","link":"https:\/\/psychsafety.workplaceoptions.com\/es\/event\/preparados-para-la-tormenta-como-se-levantan-los-lideres-adaptables-cuando-el-mundo-se-desmorona\/","title":{"rendered":"Preparados para la Tormenta: C\u00f3mo se levantan los l\u00edderes adaptables cuando el mundo se desmorona"},"content":{"rendered":"<p><span data-contrast=\"none\">En un mundo al l\u00edmite -donde las guerras remodelan las prioridades globales, la IA trastorna industrias enteras de la noche a la ma\u00f1ana y la incertidumbre econ\u00f3mica aprieta a empresas y particulares por igual- una cosa est\u00e1 clara: la disrupci\u00f3n no es la excepci\u00f3n, es el entorno. Y en ese entorno, los l\u00edderes r\u00edgidos se quiebran. Los l\u00edderes adaptables ganan.  <\/span><span data-ccp-props=\"{\"134233117\":false,\"134233118\":false,\"335551550\":0,\"335551620\":0,\"335559738\":240,\"335559739\":240}\"> <\/span><\/p>\n<p><span data-contrast=\"none\">En esta sesi\u00f3n sincera y sin teor\u00edas, el galardonado director general, coach ejecutivo y estratega cultural Donald Thompson explica por qu\u00e9 la adaptabilidad no es s\u00f3lo una habilidad de liderazgo: es tu estrategia de supervivencia. Los mejores l\u00edderes no son reactivos; est\u00e1n implacablemente preparados. Flexionan, reformulan y dirigen con claridad, sobre todo cuando hay presi\u00f3n.  <\/span><span data-ccp-props=\"{\"134233117\":false,\"134233118\":false,\"335551550\":0,\"335551620\":0,\"335559738\":240,\"335559739\":240}\"> <\/span><\/p>\n<p><span data-contrast=\"none\">Bas\u00e1ndose en d\u00e9cadas de liderazgo en el mundo real, desde salas de juntas hasta nuevas empresas, Don te mostrar\u00e1 c\u00f3mo convertir la incertidumbre en impulso, y c\u00f3mo construir la mentalidad, los h\u00e1bitos y la fuerza para dirigir a trav\u00e9s del caos con confianza.<\/span><span data-ccp-props=\"{\"134233117\":false,\"134233118\":false,\"335551550\":0,\"335551620\":0,\"335559738\":240,\"335559739\":240}\"> <\/span><\/p>\n<p><span data-contrast=\"none\">Esto no es otra charla sobre resiliencia. Es un plan para prosperar cuando cambien las reglas -y cambien   <\/span><i><span data-contrast=\"none\">siempre<\/span><\/i><span data-contrast=\"none\"> hacer.<\/span><span data-ccp-props=\"{\"134233117\":false,\"134233118\":false,\"335551550\":0,\"335551620\":0,\"335559738\":240,\"335559739\":240}\"> <\/span><\/p>\n<p><span data-contrast=\"none\">Te ir\u00e1s con:<\/span><\/p>\n<ul>\n<li><span data-contrast=\"none\">C\u00f3mo liderar con curiosidad en lugar de control, y por qu\u00e9 eso conduce a mejores decisiones<\/span><\/li>\n<li><span data-contrast=\"none\">C\u00f3mo es la verdadera resiliencia (spoiler: no consiste en machacarse a uno mismo)<\/span><\/li>\n<li><span data-contrast=\"none\">C\u00f3mo los l\u00edderes inclusivos se adaptan m\u00e1s r\u00e1pido y construyen culturas en las que la gente quiere quedarse<\/span><\/li>\n<li><span data-contrast=\"none\">Marcos de trabajo probados que te ayudar\u00e1n a pivotar, dirigir con decisi\u00f3n y seguir siendo relevante, empezando ahora mismo.<\/span><span data-ccp-props=\"{\"134233117\":false,\"134233118\":false,\"335551550\":0,\"335551620\":0,\"335559738\":240,\"335559739\":240}\"> <\/span><\/li>\n<\/ul>\n<p><b><span data-contrast=\"none\">En una era definida por la disrupci\u00f3n, la adaptabilidad no es opcional: es tu ventaja. \u00bfListo para liderar como si el futuro dependiera de ello? <\/span><\/b><span data-ccp-props=\"{\"134233117\":false,\"134233118\":false,\"335551550\":0,\"335551620\":0,\"335559738\":240,\"335559739\":240}\"> <\/span><\/p>\n<p>&nbsp;<\/p>\n<h2>Conoce al ponente<\/h2>\n<h3>Donald Thompson<\/h3>\n<h3>Cofundadora y Directora General de The Diversity Movement<\/h3>\n<div class=\"article-body\">\n<p>Donald Thompson,<b> <\/b>Ganadora del Premio Emprendedor del A\u00f1o\u00ae 2023 SE de EY, fund\u00f3 The Diversity Movement, una empresa de Workplace Options, para transformar fundamentalmente el lugar de trabajo moderno mediante un cambio cultural impulsado por la diversidad. Reconocida por <i>Inc.<\/i>, <i>Fast Company<\/i> y <i>Forbes<\/i>, Thompson es autora de<a href=\"https:\/\/thediversitymovement.com\/underestimated\/?utm_source=techwire&amp;utm_medium=external-publications&amp;utm_campaign=book-sales\" target=\"_blank\" rel=\"noopener\"> <i>Subestimado: A CEO&#8217;s Unlikely Path to Success<\/i><\/a>presenta el podcast \u00ab<a href=\"https:\/\/donaldthompson.com\/podcast\/\" target=\"_blank\" rel=\"noopener\">High Octane Leadership in an Empathetic World\u00bb (Liderazgo de alto octanaje en un mundo emp\u00e1tico<\/a>) y ha publicado numerosos art\u00edculos sobre liderazgo y mentalidad ejecutiva. Su \u00faltimo libro es<a href=\"https:\/\/theinclusivelanguagehandbook.com\/product\/the-inclusive-leadership-handbook\/?utm_source=techwire&amp;utm_medium=external-publications&amp;utm_campaign=leadership-handbook&amp;utm_content=hyperlink\" target=\"_blank\" rel=\"noopener\"> <i>El Manual del Liderazgo Inclusivo<\/i><\/a><i>:<\/i><i> Equilibrio entre las personas y el rendimiento para un crecimiento<\/i> sostenible, escrito en coautor\u00eda con Kurt Merriweather, Vicepresidente de Marketing e Innovaci\u00f3n de The Diversity Movement. Sigue a Thompson en<a href=\"https:\/\/www.linkedin.com\/in\/donaldthompsonjr\/\" target=\"_blank\" rel=\"noopener\"> LinkedIn<\/a> para estar al d\u00eda de noticias, eventos y su podcast.   <\/p>\n<\/div>\n","protected":false},"excerpt":{"rendered":"<p>En esta sesi\u00f3n sincera y sin teor\u00edas, el galardonado director general, coach ejecutivo y estratega cultural Donald Thompson explica por qu\u00e9 la adaptabilidad no es s\u00f3lo una habilidad de liderazgo: es tu estrategia de supervivencia.  <\/p>\n","protected":false},"author":1,"featured_media":1384,"template":"","meta":{"_acf_changed":false,"_tribe_events_status":"","_tribe_events_status_reason":"","footnotes":""},"tags":[],"tribe_events_cat":[],"class_list":["post-1409","tribe_events","type-tribe_events","status-publish","has-post-thumbnail","hentry"],"acf":{"event_reg_gform_id":"","event_reg_conf_message":"","ingo":{"login_widget_id":"","registration_widget_id":"","social_widget_id":"","confirmation_widget_id":""},"bm_conference_id":""},"yoast_head":"<!-- This site is optimized with the Yoast SEO plugin v27.4 - https:\/\/yoast.com\/product\/yoast-seo-wordpress\/ -->\n<title>Preparados para la Tormenta: C\u00f3mo se levantan los l\u00edderes adaptables cuando el mundo se desmorona - Psychological Safety<\/title>\n<meta name=\"robots\" content=\"index, follow, max-snippet:-1, max-image-preview:large, max-video-preview:-1\" \/>\n<link rel=\"canonical\" href=\"https:\/\/psychsafety.workplaceoptions.com\/es\/event\/preparados-para-la-tormenta-como-se-levantan-los-lideres-adaptables-cuando-el-mundo-se-desmorona\/\" \/>\n<meta property=\"og:locale\" content=\"es_ES\" \/>\n<meta property=\"og:type\" content=\"article\" \/>\n<meta property=\"og:title\" content=\"Preparados para la Tormenta: C\u00f3mo se levantan los l\u00edderes adaptables cuando el mundo se desmorona - Psychological Safety\" \/>\n<meta property=\"og:description\" content=\"En esta sesi\u00f3n sincera y sin teor\u00edas, el galardonado director general, coach ejecutivo y estratega cultural Donald Thompson explica por qu\u00e9 la adaptabilidad no es s\u00f3lo una habilidad de liderazgo: es tu estrategia de supervivencia.\" \/>\n<meta property=\"og:url\" content=\"https:\/\/psychsafety.workplaceoptions.com\/es\/event\/preparados-para-la-tormenta-como-se-levantan-los-lideres-adaptables-cuando-el-mundo-se-desmorona\/\" \/>\n<meta property=\"og:site_name\" content=\"Psychological Safety\" \/>\n<meta name=\"twitter:card\" content=\"summary_large_image\" \/>\n<meta name=\"twitter:label1\" content=\"Tiempo de lectura\" \/>\n\t<meta name=\"twitter:data1\" content=\"2 minutos\" \/>\n<script type=\"application\/ld+json\" class=\"yoast-schema-graph\">{\"@context\":\"https:\\\/\\\/schema.org\",\"@graph\":[{\"@type\":\"WebPage\",\"@id\":\"https:\\\/\\\/psychsafety.workplaceoptions.com\\\/es\\\/event\\\/preparados-para-la-tormenta-como-se-levantan-los-lideres-adaptables-cuando-el-mundo-se-desmorona\\\/\",\"url\":\"https:\\\/\\\/psychsafety.workplaceoptions.com\\\/es\\\/event\\\/preparados-para-la-tormenta-como-se-levantan-los-lideres-adaptables-cuando-el-mundo-se-desmorona\\\/\",\"name\":\"Preparados para la Tormenta: C\u00f3mo se levantan los l\u00edderes adaptables cuando el mundo se desmorona - Psychological Safety\",\"isPartOf\":{\"@id\":\"https:\\\/\\\/psychsafety.workplaceoptions.com\\\/es\\\/#website\"},\"primaryImageOfPage\":{\"@id\":\"https:\\\/\\\/psychsafety.workplaceoptions.com\\\/es\\\/event\\\/preparados-para-la-tormenta-como-se-levantan-los-lideres-adaptables-cuando-el-mundo-se-desmorona\\\/#primaryimage\"},\"image\":{\"@id\":\"https:\\\/\\\/psychsafety.workplaceoptions.com\\\/es\\\/event\\\/preparados-para-la-tormenta-como-se-levantan-los-lideres-adaptables-cuando-el-mundo-se-desmorona\\\/#primaryimage\"},\"thumbnailUrl\":\"https:\\\/\\\/psychsafety.workplaceoptions.com\\\/wp-content\\\/uploads\\\/2025\\\/07\\\/1-nEOkqS.jpg\",\"datePublished\":\"2025-07-01T17:00:15+00:00\",\"breadcrumb\":{\"@id\":\"https:\\\/\\\/psychsafety.workplaceoptions.com\\\/es\\\/event\\\/preparados-para-la-tormenta-como-se-levantan-los-lideres-adaptables-cuando-el-mundo-se-desmorona\\\/#breadcrumb\"},\"inLanguage\":\"es\",\"potentialAction\":[{\"@type\":\"ReadAction\",\"target\":[\"https:\\\/\\\/psychsafety.workplaceoptions.com\\\/es\\\/event\\\/preparados-para-la-tormenta-como-se-levantan-los-lideres-adaptables-cuando-el-mundo-se-desmorona\\\/\"]}]},{\"@type\":\"ImageObject\",\"inLanguage\":\"es\",\"@id\":\"https:\\\/\\\/psychsafety.workplaceoptions.com\\\/es\\\/event\\\/preparados-para-la-tormenta-como-se-levantan-los-lideres-adaptables-cuando-el-mundo-se-desmorona\\\/#primaryimage\",\"url\":\"https:\\\/\\\/psychsafety.workplaceoptions.com\\\/wp-content\\\/uploads\\\/2025\\\/07\\\/1-nEOkqS.jpg\",\"contentUrl\":\"https:\\\/\\\/psychsafety.workplaceoptions.com\\\/wp-content\\\/uploads\\\/2025\\\/07\\\/1-nEOkqS.jpg\",\"width\":1200,\"height\":627},{\"@type\":\"BreadcrumbList\",\"@id\":\"https:\\\/\\\/psychsafety.workplaceoptions.com\\\/es\\\/event\\\/preparados-para-la-tormenta-como-se-levantan-los-lideres-adaptables-cuando-el-mundo-se-desmorona\\\/#breadcrumb\",\"itemListElement\":[{\"@type\":\"ListItem\",\"position\":1,\"name\":\"Home\",\"item\":\"https:\\\/\\\/psychsafety.workplaceoptions.com\\\/es\\\/inicio\\\/\"},{\"@type\":\"ListItem\",\"position\":2,\"name\":\"Eventos\",\"item\":\"https:\\\/\\\/psychsafety.workplaceoptions.com\\\/es\\\/events\\\/\"},{\"@type\":\"ListItem\",\"position\":3,\"name\":\"Preparados para la Tormenta: C\u00f3mo se levantan los l\u00edderes adaptables cuando el mundo se desmorona\"}]},{\"@type\":\"WebSite\",\"@id\":\"https:\\\/\\\/psychsafety.workplaceoptions.com\\\/es\\\/#website\",\"url\":\"https:\\\/\\\/psychsafety.workplaceoptions.com\\\/es\\\/\",\"name\":\"Psychological Safety\",\"description\":\"\",\"potentialAction\":[{\"@type\":\"SearchAction\",\"target\":{\"@type\":\"EntryPoint\",\"urlTemplate\":\"https:\\\/\\\/psychsafety.workplaceoptions.com\\\/es\\\/?s={search_term_string}\"},\"query-input\":{\"@type\":\"PropertyValueSpecification\",\"valueRequired\":true,\"valueName\":\"search_term_string\"}}],\"inLanguage\":\"es\"}]}<\/script>\n<!-- \/ Yoast SEO plugin. -->","yoast_head_json":{"title":"Preparados para la Tormenta: C\u00f3mo se levantan los l\u00edderes adaptables cuando el mundo se desmorona - Psychological Safety","robots":{"index":"index","follow":"follow","max-snippet":"max-snippet:-1","max-image-preview":"max-image-preview:large","max-video-preview":"max-video-preview:-1"},"canonical":"https:\/\/psychsafety.workplaceoptions.com\/es\/event\/preparados-para-la-tormenta-como-se-levantan-los-lideres-adaptables-cuando-el-mundo-se-desmorona\/","og_locale":"es_ES","og_type":"article","og_title":"Preparados para la Tormenta: C\u00f3mo se levantan los l\u00edderes adaptables cuando el mundo se desmorona - Psychological Safety","og_description":"En esta sesi\u00f3n sincera y sin teor\u00edas, el galardonado director general, coach ejecutivo y estratega cultural Donald Thompson explica por qu\u00e9 la adaptabilidad no es s\u00f3lo una habilidad de liderazgo: es tu estrategia de supervivencia.","og_url":"https:\/\/psychsafety.workplaceoptions.com\/es\/event\/preparados-para-la-tormenta-como-se-levantan-los-lideres-adaptables-cuando-el-mundo-se-desmorona\/","og_site_name":"Psychological Safety","twitter_card":"summary_large_image","twitter_misc":{"Tiempo de lectura":"2 minutos"},"schema":{"@context":"https:\/\/schema.org","@graph":[{"@type":"WebPage","@id":"https:\/\/psychsafety.workplaceoptions.com\/es\/event\/preparados-para-la-tormenta-como-se-levantan-los-lideres-adaptables-cuando-el-mundo-se-desmorona\/","url":"https:\/\/psychsafety.workplaceoptions.com\/es\/event\/preparados-para-la-tormenta-como-se-levantan-los-lideres-adaptables-cuando-el-mundo-se-desmorona\/","name":"Preparados para la Tormenta: C\u00f3mo se levantan los l\u00edderes adaptables cuando el mundo se desmorona - Psychological Safety","isPartOf":{"@id":"https:\/\/psychsafety.workplaceoptions.com\/es\/#website"},"primaryImageOfPage":{"@id":"https:\/\/psychsafety.workplaceoptions.com\/es\/event\/preparados-para-la-tormenta-como-se-levantan-los-lideres-adaptables-cuando-el-mundo-se-desmorona\/#primaryimage"},"image":{"@id":"https:\/\/psychsafety.workplaceoptions.com\/es\/event\/preparados-para-la-tormenta-como-se-levantan-los-lideres-adaptables-cuando-el-mundo-se-desmorona\/#primaryimage"},"thumbnailUrl":"https:\/\/psychsafety.workplaceoptions.com\/wp-content\/uploads\/2025\/07\/1-nEOkqS.jpg","datePublished":"2025-07-01T17:00:15+00:00","breadcrumb":{"@id":"https:\/\/psychsafety.workplaceoptions.com\/es\/event\/preparados-para-la-tormenta-como-se-levantan-los-lideres-adaptables-cuando-el-mundo-se-desmorona\/#breadcrumb"},"inLanguage":"es","potentialAction":[{"@type":"ReadAction","target":["https:\/\/psychsafety.workplaceoptions.com\/es\/event\/preparados-para-la-tormenta-como-se-levantan-los-lideres-adaptables-cuando-el-mundo-se-desmorona\/"]}]},{"@type":"ImageObject","inLanguage":"es","@id":"https:\/\/psychsafety.workplaceoptions.com\/es\/event\/preparados-para-la-tormenta-como-se-levantan-los-lideres-adaptables-cuando-el-mundo-se-desmorona\/#primaryimage","url":"https:\/\/psychsafety.workplaceoptions.com\/wp-content\/uploads\/2025\/07\/1-nEOkqS.jpg","contentUrl":"https:\/\/psychsafety.workplaceoptions.com\/wp-content\/uploads\/2025\/07\/1-nEOkqS.jpg","width":1200,"height":627},{"@type":"BreadcrumbList","@id":"https:\/\/psychsafety.workplaceoptions.com\/es\/event\/preparados-para-la-tormenta-como-se-levantan-los-lideres-adaptables-cuando-el-mundo-se-desmorona\/#breadcrumb","itemListElement":[{"@type":"ListItem","position":1,"name":"Home","item":"https:\/\/psychsafety.workplaceoptions.com\/es\/inicio\/"},{"@type":"ListItem","position":2,"name":"Eventos","item":"https:\/\/psychsafety.workplaceoptions.com\/es\/events\/"},{"@type":"ListItem","position":3,"name":"Preparados para la Tormenta: C\u00f3mo se levantan los l\u00edderes adaptables cuando el mundo se desmorona"}]},{"@type":"WebSite","@id":"https:\/\/psychsafety.workplaceoptions.com\/es\/#website","url":"https:\/\/psychsafety.workplaceoptions.com\/es\/","name":"Psychological Safety","description":"","potentialAction":[{"@type":"SearchAction","target":{"@type":"EntryPoint","urlTemplate":"https:\/\/psychsafety.workplaceoptions.com\/es\/?s={search_term_string}"},"query-input":{"@type":"PropertyValueSpecification","valueRequired":true,"valueName":"search_term_string"}}],"inLanguage":"es"}]}},"_links":{"self":[{"href":"https:\/\/psychsafety.workplaceoptions.com\/es\/wp-json\/wp\/v2\/tribe_events\/1409","targetHints":{"allow":["GET"]}}],"collection":[{"href":"https:\/\/psychsafety.workplaceoptions.com\/es\/wp-json\/wp\/v2\/tribe_events"}],"about":[{"href":"https:\/\/psychsafety.workplaceoptions.com\/es\/wp-json\/wp\/v2\/types\/tribe_events"}],"author":[{"embeddable":true,"href":"https:\/\/psychsafety.workplaceoptions.com\/es\/wp-json\/wp\/v2\/users\/1"}],"version-history":[{"count":0,"href":"https:\/\/psychsafety.workplaceoptions.com\/es\/wp-json\/wp\/v2\/tribe_events\/1409\/revisions"}],"wp:featuredmedia":[{"embeddable":true,"href":"https:\/\/psychsafety.workplaceoptions.com\/es\/wp-json\/wp\/v2\/media\/1384"}],"wp:attachment":[{"href":"https:\/\/psychsafety.workplaceoptions.com\/es\/wp-json\/wp\/v2\/media?parent=1409"}],"wp:term":[{"taxonomy":"post_tag","embeddable":true,"href":"https:\/\/psychsafety.workplaceoptions.com\/es\/wp-json\/wp\/v2\/tags?post=1409"},{"taxonomy":"tribe_events_cat","embeddable":true,"href":"https:\/\/psychsafety.workplaceoptions.com\/es\/wp-json\/wp\/v2\/tribe_events_cat?post=1409"}],"curies":[{"name":"wp","href":"https:\/\/api.w.org\/{rel}","templated":true}]}}